{"id":36576,"date":"2025-03-19T11:46:51","date_gmt":"2025-03-19T16:46:51","guid":{"rendered":"https:\/\/apabep.qroo.gob.mx\/?page_id=36576"},"modified":"2026-01-19T10:01:43","modified_gmt":"2026-01-19T15:01:43","slug":"programa-presupuestario-2025","status":"publish","type":"page","link":"https:\/\/apabep.qroo.gob.mx\/index.php\/programa-presupuestario-2025\/","title":{"rendered":"PROGRAMA PRESUPUESTARIO 2025"},"content":{"rendered":"\t\t<div data-elementor-type=\"wp-page\" data-elementor-id=\"36576\" class=\"elementor elementor-36576\">\n\t\t\t\t<div class=\"elementor-element elementor-element-48ee6ecd e-flex e-con-boxed e-con e-parent\" data-id=\"48ee6ecd\" data-element_type=\"container\">\n\t\t\t\t\t<div class=\"e-con-inner\">\n\t\t\t\t<div class=\"elementor-element elementor-element-251ecda8 elementor-widget elementor-widget-text-editor\" data-id=\"251ecda8\" data-element_type=\"widget\" data-widget_type=\"text-editor.default\">\n\t\t\t\t<div class=\"elementor-widget-container\">\n\t\t\t\t\t\t\t\t\t<h3><strong>PROGRAMA PRESUPUESTARIO 2025<\/strong><\/h3>\n<ul>\n<li><a href=\"https:\/\/apabep.qroo.gob.mx\/wp-content\/uploads\/2025\/03\/Programa-Presupuestario-S008.pdf\" target=\"_blank\" rel=\"noopener\"><strong>Programa Presupuestario S008<\/strong><\/a><\/li>\n<\/ul>\n<p><!-- \/wp:paragraph --><\/p>\n<p><!-- wp:paragraph --><\/p>\n<p><!-- \/wp:paragraph --><\/p>\n<p><!-- wp:paragraph {\"style\":{\"typography\":{\"fontSize\":\"30px\"},\"elements\":{\"link\":{\"color\":{\"text\":\"var:preset|color|contrast-2\"}}}},\"textColor\":\"contrast-2\"} --><\/p>\n<p class=\"has-contrast-2-color has-text-color has-link-color\" style=\"font-size: 30px;\"><strong>REPORTES FESIPPRES<\/strong><\/p>\n<p><!-- \/wp:paragraph --><\/p>\n<p><!-- wp:paragraph {\"style\":{\"elements\":{\"link\":{\"color\":{\"text\":\"var:preset|color|contrast\"}}}},\"textColor\":\"contrast\",\"fontSize\":\"large\"} --><\/p>\n<p class=\"has-contrast-color has-text-color has-link-color has-large-font-size\"><strong>2025<\/strong><\/p>\n<p><!-- \/wp:paragraph --><\/p>\n<p><!-- wp:table {\"hasFixedLayout\":false,\"className\":\"is-style-stripes\"} --><\/p>\n<figure class=\"wp-block-table is-style-stripes\">\n<table>\n<tbody>\n<tr>\n<td>1er Trimestre<\/td>\n<td><strong>ML001<\/strong><\/td>\n<td>\n<ul>\n<li><a href=\"https:\/\/apabep.qroo.gob.mx\/wp-content\/uploads\/2025\/04\/PP-M001-NIVEL-ACTIVIDAD.pdf\" target=\"_blank\" rel=\"noopener\">PP M001 NIVEL ACTIVIDAD<\/a><\/li>\n<li><a href=\"https:\/\/apabep.qroo.gob.mx\/wp-content\/uploads\/2025\/04\/PP-M001-COMPONENTE-INDICADORES.pdf\" target=\"_blank\" rel=\"noopener\">PP M001 COMPONENTE INDICADORES<\/a><\/li>\n<\/ul>\n<\/td>\n<\/tr>\n<tr>\n<td>\u00a0<\/td>\n<td><strong>S008<\/strong><\/td>\n<td>\n<ul>\n<li><a href=\"https:\/\/apabep.qroo.gob.mx\/wp-content\/uploads\/2025\/04\/TRANSFORMAMOS-TU-VISION-ESTATAL.pdf\" target=\"_blank\" rel=\"noopener\">TRANSFORMAMOS TU VISION ESTATAL<\/a><\/li>\n<li><a href=\"https:\/\/apabep.qroo.gob.mx\/wp-content\/uploads\/2025\/04\/APOYO-A-LA-DISCAPACIDAD-OTORGADA-C02-1-paginas-1-27.pdf\" target=\"_blank\" rel=\"noopener\">APOYO A LA DISCAPACIDAD OTORGADA C02 1 paginas 1-27<\/a><\/li>\n<li><a href=\"https:\/\/apabep.qroo.gob.mx\/wp-content\/uploads\/2025\/04\/APOYO-A-LA-DISCAPACIDAD-OTORGADA-C02-1-paginas-28-56.pdf\" target=\"_blank\" rel=\"noopener\">APOYO A LA DISCAPACIDAD OTORGADA C02 1 paginas 28-56<\/a><\/li>\n<li><a href=\"https:\/\/apabep.qroo.gob.mx\/wp-content\/uploads\/2025\/04\/TRANSFORMAMOS-TU-CALIDAD-DE-VIDA-ESTATAL.pdf\" target=\"_blank\" rel=\"noopener\">TRANSFORMAMOS TU CALIDAD DE VIDA ESTATAL<\/a><\/li>\n<li><a href=\"https:\/\/apabep.qroo.gob.mx\/wp-content\/uploads\/2025\/04\/UNIDOS-PARA-TRANSFORMAR-SONRISAS.pdf\" target=\"_blank\" rel=\"noopener\">UNIDOS PARA TRANSFORMAR SONRISAS<\/a><\/li>\n<li><a href=\"https:\/\/apabep.qroo.gob.mx\/wp-content\/uploads\/2025\/04\/CO1-APOYOS-COMPLEMENTARIO-A-LA-SALUD-OTORGADA.pdf\" target=\"_blank\" rel=\"noopener\">CO1 APOYOS COMPLEMENTARIO A LA SALUD OTORGADA<\/a><\/li>\n<li><a href=\"https:\/\/apabep.qroo.gob.mx\/wp-content\/uploads\/2025\/04\/TRANSFORMAMOS-TU-AUDICION-ESTATAL.pdf\" target=\"_blank\" rel=\"noopener\">TRANSFORMAMOS TU AUDICION ESTATAL<\/a><\/li>\n<li><a href=\"https:\/\/apabep.qroo.gob.mx\/wp-content\/uploads\/2025\/04\/PARA-SENTIRME-MEJOR-ESTATAL.pdf\" target=\"_blank\" rel=\"noopener\">PARA SENTIRME MEJOR ESTATAL<\/a><\/li>\n<li><a href=\"https:\/\/apabep.qroo.gob.mx\/wp-content\/uploads\/2025\/04\/APOYO-EN-CONTRIBUCION-A-LA-SALUD-DE-LA-MUJER-C03.pdf\" target=\"_blank\" rel=\"noopener\">APOYO EN CONTRIBUCION A LA SALUD DE LA MUJER C03<\/a><\/li>\n<li><a href=\"https:\/\/apabep.qroo.gob.mx\/wp-content\/uploads\/2025\/04\/PARA-SENTIRME-MEJOR-FEDERAL.pdf\" target=\"_blank\" rel=\"noopener\">PARA SENTIRME MEJOR FEDERAL<\/a><\/li>\n<li><a href=\"https:\/\/apabep.qroo.gob.mx\/wp-content\/uploads\/2025\/04\/TRANSFORMAMOS-TU-VISION-FEDERAL.pdf\" target=\"_blank\" rel=\"noopener\">TRANSFORMAMOS TU VISION FEDERAL<\/a><\/li>\n<li><a href=\"https:\/\/apabep.qroo.gob.mx\/wp-content\/uploads\/2025\/04\/TRANSFORMAMOS-TU-CALIDAD-DE-VIDA-FEDERAL.pdf\" target=\"_blank\" rel=\"noopener\">TRANSFORMAMOS TU CALIDAD DE VIDA FEDERAL<\/a><\/li>\n<li><a href=\"https:\/\/apabep.qroo.gob.mx\/wp-content\/uploads\/2025\/04\/TRANSFORMAMOS-TU-AUDICION-FEDERAL.pdf\" target=\"_blank\" rel=\"noopener\">TRANSFORMAMOS TU AUDICION FEDERAL<\/a><\/li>\n<li><a href=\"https:\/\/apabep.qroo.gob.mx\/wp-content\/uploads\/2025\/04\/UNIDOS-Y-UNIDAS-POR-UNA-ESPERANZA.pdf\" target=\"_blank\" rel=\"noopener\">UNIDOS Y UNIDAS POR UNA ESPERANZA<\/a><\/li>\n<li><a href=\"https:\/\/apabep.qroo.gob.mx\/wp-content\/uploads\/2025\/04\/UNIDOS-Y-UNIDAS-PARA-SALVAR-UNA-VIDA.pdf\" target=\"_blank\" rel=\"noopener\">UNIDOS Y UNIDAS PARA SALVAR UNA VIDA<\/a><\/li>\n<\/ul>\n<\/td>\n<\/tr>\n<tr>\n<td>2o trimestre<\/td>\n<td><strong>ML001<\/strong><\/td>\n<td>\n<ul>\n<li><a href=\"https:\/\/apabep.qroo.gob.mx\/wp-content\/uploads\/2025\/07\/M001-NIVEL-COMPONENTE-2o-trim.pdf\">M001 NIVEL COMPONENTE 2o trim<\/a><\/li>\n<li><a style=\"font-family: inherit; font-size: inherit;\" href=\"https:\/\/apabep.qroo.gob.mx\/wp-content\/uploads\/2025\/07\/M001-NIVEL-ACTIVIDAD-2o-trim.pdf\">M001 NIVEL ACTIVIDAD 2o trim<\/a><\/li>\n<\/ul>\n<\/td>\n<\/tr>\n<tr>\n<td>\u00a0<\/td>\n<td><strong>S008<\/strong><\/td>\n<td>\n<ul>\n<li><a href=\"https:\/\/apabep.qroo.gob.mx\/wp-content\/uploads\/2025\/07\/C-01.pdf\" target=\"_blank\" rel=\"noopener\">C 01<\/a><\/li>\n<li><a href=\"https:\/\/drive.google.com\/file\/d\/12hxO-sjx-yBHYgMBXEKjliBNxhaXg40S\/view?usp=sharing\" target=\"_blank\" rel=\"noopener\">C 02<\/a><\/li>\n<li><a href=\"https:\/\/apabep.qroo.gob.mx\/wp-content\/uploads\/2025\/07\/C-03.pdf\" target=\"_blank\" rel=\"noopener\">C 03<\/a><\/li>\n<li><a href=\"https:\/\/apabep.qroo.gob.mx\/wp-content\/uploads\/2025\/07\/VISION-FED.pdf\" target=\"_blank\" rel=\"noopener\">TRANSFORMAMOS TU VISION FEDERAL<\/a><\/li>\n<li><a href=\"https:\/\/drive.google.com\/file\/d\/1SPo4e7e6C0q7a7CSEmg6i5KMd_cfhMQ_\/view?usp=sharing\" target=\"_blank\" rel=\"noopener\">TRANSFORMAMOS TU VISION ESTATAL<\/a><\/li>\n<li><a href=\"https:\/\/apabep.qroo.gob.mx\/wp-content\/uploads\/2025\/07\/CALIDAD-DE-VIDA-FEDERAL.pdf\" target=\"_blank\" rel=\"noopener\">TRANSFORMAMOS TU CALIDAD DE VIDA FEDERAL<\/a><\/li>\n<li><a href=\"https:\/\/drive.google.com\/file\/d\/19JwJHRpK2rmwuTEGIyNOMAZLZKo0AlN_\/view?usp=sharing\" target=\"_blank\" rel=\"noopener\">TRANSFORMAMOS TU CALIDAD DE VIDA ESTATAL<\/a><\/li>\n<li><a href=\"https:\/\/apabep.qroo.gob.mx\/wp-content\/uploads\/2025\/07\/PARA-SENTIRME-MEJOR-ESTATAL.pdf\" target=\"_blank\" rel=\"noopener\">PARA SENTIRME MEJOR ESTATAL<\/a><\/li>\n<li><a href=\"https:\/\/apabep.qroo.gob.mx\/wp-content\/uploads\/2025\/07\/SENTIRME-MEJOR-FEDERAL.pdf\" target=\"_blank\" rel=\"noopener\">SENTIRME MEJOR FEDERAL<\/a><\/li>\n<li><a href=\"https:\/\/apabep.qroo.gob.mx\/wp-content\/uploads\/2025\/07\/AUDICION-ESTATAL.pdf\" target=\"_blank\" rel=\"noopener\">AUDICION ESTATAL<\/a><\/li>\n<li><a href=\"https:\/\/apabep.qroo.gob.mx\/wp-content\/uploads\/2025\/07\/AUDICION-FEDERAL.pdf\" target=\"_blank\" rel=\"noopener\">AUDICION FEDERAL<\/a><\/li>\n<li><a href=\"https:\/\/apabep.qroo.gob.mx\/wp-content\/uploads\/2025\/07\/VISION-FEDERAL.pdf\" target=\"_blank\" rel=\"noopener\">VISION FEDERAL<\/a><\/li>\n<li><a href=\"https:\/\/drive.google.com\/file\/d\/1sTx6UDwBjCvNmUWrjBpPBZh88sKBlitX\/view?usp=sharing\" target=\"_blank\" rel=\"noopener\">VISI\u00d3N ESTATAL<\/a><\/li>\n<li><a href=\"https:\/\/apabep.qroo.gob.mx\/wp-content\/uploads\/2025\/07\/SALVAR-UNA-VIDA.pdf\" target=\"_blank\" rel=\"noopener\">SALVAR UNA VIDA<\/a><\/li>\n<li><a href=\"https:\/\/apabep.qroo.gob.mx\/wp-content\/uploads\/2025\/07\/UNIDAS-Y-UNIDOS-POR-UNA-UNA-ESPERANZA.pdf\" target=\"_blank\" rel=\"noopener\">UNIDAS Y UNIDOS POR UNA UNA ESPERANZA<\/a><\/li>\n<li><a href=\"https:\/\/drive.google.com\/file\/d\/1LCeDm_G6ec4pqLTjT5XtXVG4S7vsG9eu\/view?usp=sharing\" target=\"_blank\" rel=\"noopener\">UNIDOS Y UNIDAS PARA TRANSFORMAR UNA SONRISA<\/a><\/li>\n<li><a href=\"https:\/\/drive.google.com\/file\/d\/13X9j1Rmw-k2JUGp7YVC8Gubsz7u0w8Mw\/view?usp=sharing\" target=\"_blank\" rel=\"noopener\">CONSTANCIAS DE CAPACITACI\u00d3N<\/a><\/li>\n<\/ul>\n<\/td>\n<\/tr>\n<tr>\n<td>3er trimestre<\/td>\n<td><strong>ML001<\/strong><\/td>\n<td>\n<ul>\n<li><a href=\"https:\/\/apabep.qroo.gob.mx\/wp-content\/uploads\/2025\/10\/M001-NIVEL-COMPONENTE-3ER-TRI.pdf\" target=\"_blank\" rel=\"noopener\">M001 NIVEL COMPONENTE 3ER TRI<\/a><\/li>\n<li><a href=\"https:\/\/apabep.qroo.gob.mx\/wp-content\/uploads\/2025\/10\/M001-NIVEL-ACTIVIDAD-3ER-TRI.pdf\" target=\"_blank\" rel=\"noopener\">M001 NIVEL ACTIVIDAD 3ER TRI<\/a><\/li>\n<\/ul>\n<\/td>\n<\/tr>\n<tr>\n<td>\u00a0<\/td>\n<td><strong>S008<\/strong><\/td>\n<td>\n<ul>\n<li><a href=\"https:\/\/apabep.qroo.gob.mx\/wp-content\/uploads\/2025\/10\/C01-APOYOS-COMPLEMENTARIOS-A-LA-SALUD.pdf\">C01 APOYOS COMPLEMENTARIOS A LA SALUD<\/a><\/li>\n<li><a href=\"https:\/\/apabep.qroo.gob.mx\/wp-content\/uploads\/2025\/10\/C02-APOYOS-EN-CONTRIBUCION-A-LA-DISCAPACIDAD.pdf\">C02 APOYOS EN CONTRIBUCI\u00d3N A LA DISCAPACIDAD<\/a><\/li>\n<li><a href=\"https:\/\/apabep.qroo.gob.mx\/wp-content\/uploads\/2025\/10\/C03-APOYOS-EN-CONTRIBUCION-A-LA-SALUD-DE-LA-MUJER.pdf\">C03 APOYOS EN CONTRIBUCI\u00d3N A LA SALUD DE LA MUJER<\/a><\/li>\n<li><a href=\"https:\/\/apabep.qroo.gob.mx\/wp-content\/uploads\/2025\/10\/UNIDOS-Y-UNIDAS-POR-UNA-ESPERANZA.pdf\">UNIDOS Y UNIDAS POR UNA ESPERANZA<\/a><\/li>\n<li><a href=\"https:\/\/apabep.qroo.gob.mx\/wp-content\/uploads\/2025\/10\/UNIDOS-Y-UNIDAS-PARA-TRANSFORMAR-SONRISAS.pdf\">UNIDOS Y UNIDAS PARA TRANSFORMAR SONRISAS<\/a><\/li>\n<li><a href=\"https:\/\/apabep.qroo.gob.mx\/wp-content\/uploads\/2025\/10\/UNIDOS-Y-UNIDAS-PARA-SALVAR-UNA-VIDA.pdf\">UNIDOS Y UNIDAS PARA SALVAR UNA VIDA<\/a><\/li>\n<li><a href=\"https:\/\/apabep.qroo.gob.mx\/wp-content\/uploads\/2025\/10\/TRANSFORMAMOS-TU-AUDICION-ESTATAL.pdf\">TRANSFORMAMOS TU AUDICI\u00d3N ESTATAL<\/a><\/li>\n<li><a href=\"https:\/\/apabep.qroo.gob.mx\/wp-content\/uploads\/2025\/10\/TRANSFORMAMOS-TU-AUDICION-FEDERAL.pdf\">TRANSFORMAMOS TU AUDICI\u00d3N FEDERAL<\/a><\/li>\n<li><a href=\"https:\/\/apabep.qroo.gob.mx\/wp-content\/uploads\/2025\/10\/TRANSFORMAMOS-TU-VISION-ESTATAL.pdf\">TRANSFORMAMOS TU VISI\u00d3N ESTATAL<\/a><\/li>\n<li><a href=\"https:\/\/apabep.qroo.gob.mx\/wp-content\/uploads\/2025\/10\/TRANSFORMAMOS-TU-VISION-FEDERAL.pdf\">TRANSFORMAMOS TU VISI\u00d3N FEDERAL<\/a><\/li>\n<li><a href=\"https:\/\/apabep.qroo.gob.mx\/wp-content\/uploads\/2025\/10\/TRANSFORMAMOS-TU-CALIDAD-DE-VIDA-ESTATAL.pdf\">TRANSFORMAMOS TU CALIDAD DE VIDA ESTATAL<\/a><\/li>\n<li><a href=\"https:\/\/apabep.qroo.gob.mx\/wp-content\/uploads\/2025\/10\/TRANSFORMAMOS-TU-CALIDAD-DE-VIDA-FEDERAL.pdf\">TRANSFORMAMOS TU CALIDAD DE VIDA FEDERAL<\/a><\/li>\n<li><a href=\"https:\/\/apabep.qroo.gob.mx\/wp-content\/uploads\/2025\/10\/PARA-SENTIRME-MEJOR-ESTATAL.pdf\">PARA SENTIRME MEJOR ESTATAL<\/a><\/li>\n<li><a href=\"https:\/\/apabep.qroo.gob.mx\/wp-content\/uploads\/2025\/10\/PARA-SENTIRME-MEJOR-FEDERAL.pdf\">PARA SENTIRME MEJOR FEDERAL<\/a><\/li>\n<li><a href=\"https:\/\/apabep.qroo.gob.mx\/wp-content\/uploads\/2025\/10\/PROGRAMA-TRANSVERSAL-CONSTANCIAS.pdf\">PROGRAMA TRANSVERSAL CONSTANCIAS<\/a><\/li>\n<\/ul>\n<\/td>\n<\/tr>\n<tr>\n<td>4o Trimestre<\/td>\n<td><strong>ML001<\/strong><\/td>\n<td>\n<ul>\n<li><a href=\"https:\/\/apabep.qroo.gob.mx\/wp-content\/uploads\/2026\/01\/PP-M001-NIVEL-ACTIVIDAD.pdf\">PP M001 NIVEL ACTIVIDAD<\/a><\/li>\n<li><a href=\"https:\/\/apabep.qroo.gob.mx\/wp-content\/uploads\/2026\/01\/PP-M001-NIVEL-COMPONENTE-INDICADORES.pdf\">PP M001 NIVEL COMPONENTE INDICADORES<\/a><\/li>\n<li><a href=\"https:\/\/apabep.qroo.gob.mx\/wp-content\/uploads\/2026\/01\/REPORTE-DIAGNOSTICO-AVANCE-PED-SED-N-FIN.pdf\">REPORTE DIAGNOSTICO AVANCE P\u00c9D-SED N FIN<\/a><\/li>\n<li><a href=\"https:\/\/apabep.qroo.gob.mx\/wp-content\/uploads\/2026\/01\/M001-NIVEL-PROPOSITO.pdf\">M001 NIVEL PROP\u00d3SITO<\/a><\/li>\n<\/ul>\n<\/td>\n<\/tr>\n<tr>\n<td>\u00a0<\/td>\n<td><strong>S008<\/strong><\/td>\n<td>\n<ul>\n<li><a href=\"https:\/\/apabep.qroo.gob.mx\/wp-content\/uploads\/2026\/01\/CARENCIA-SOCIALES-N-FIN.pdf\">CARENCIA SOCIALES N FIN<\/a><\/li>\n<li><a href=\"https:\/\/apabep.qroo.gob.mx\/wp-content\/uploads\/2026\/01\/C02-TRANSFORMARMOS-TU-VISION-federal-IV-trim.pdf\">C02 TRANSFORMARMOS TU VISION federal IV trim<\/a><\/li>\n<li><a href=\"https:\/\/apabep.qroo.gob.mx\/wp-content\/uploads\/2026\/01\/C02-TRANSFORMAMOS-TU-VISION-estatal-IV-trim.pdf\">C02<\/a> <a href=\"https:\/\/apabep.qroo.gob.mx\/wp-content\/uploads\/2026\/01\/C02-TRANSFORMAMOS-TU-VISION-estatal-IV-trim.pdf\">TRANSFORMAMOS TU VISI\u00d3N estatal IV trim<\/a><\/li>\n<li><a href=\"https:\/\/apabep.qroo.gob.mx\/wp-content\/uploads\/2026\/01\/C02-APOYOS-EN-CONTRIBUCION-A-LA-DISCAPACIDAD-4o-trim.pdf\">C02 APOYOS EN CONTRIBUCI\u00d3N A LA DISCAPACIDAD 4o trim<\/a><\/li>\n<\/ul>\n<\/td>\n<\/tr>\n<\/tbody>\n<\/table>\n<\/figure>\n<p><!-- \/wp:table --><\/p>\n<p><!-- wp:paragraph {\"style\":{\"elements\":{\"link\":{\"color\":{\"text\":\"var:preset|color|contrast\"}}}},\"textColor\":\"contrast\",\"fontSize\":\"large\"} --><\/p>\n<p><!-- \/wp:paragraph --><\/p>\n<figure class=\"wp-block-table is-style-stripes\"><\/figure>\n<p><!-- \/wp:table --><\/p>\n<p><!-- wp:paragraph {\"style\":{\"typography\":{\"fontSize\":\"30px\"},\"elements\":{\"link\":{\"color\":{\"text\":\"var:preset|color|contrast-2\"}}}},\"textColor\":\"contrast-2\"} --><\/p>\n<p class=\"has-contrast-2-color has-text-color has-link-color\" style=\"font-size: 30px;\"><strong>METODOLOG\u00cdA DEL MARCO L\u00d3GICO<\/strong><\/p>\n<p><!-- \/wp:paragraph --><\/p>\n<p><!-- wp:paragraph --><\/p>\n<ul>\n<li><strong><a href=\"https:\/\/apabep.qroo.gob.mx\/wp-content\/uploads\/2024\/08\/MML-M001.pdf\" target=\"_blank\" rel=\"noopener\">MML M001<\/a><\/strong><\/li>\n<li><strong><a href=\"https:\/\/apabep.qroo.gob.mx\/wp-content\/uploads\/2024\/08\/MML-S008.pdf\" target=\"_blank\" rel=\"noopener\">MML S008<\/a><\/strong><\/li>\n<\/ul>\n<p><!-- \/wp:paragraph --><\/p>\n<p><!-- wp:paragraph --><\/p>\n<p><!-- \/wp:paragraph --><\/p>\n<p><!-- wp:paragraph {\"style\":{\"typography\":{\"fontSize\":\"30px\"},\"elements\":{\"link\":{\"color\":{\"text\":\"var:preset|color|contrast-2\"}}}},\"textColor\":\"contrast-2\"} --><\/p>\n<p class=\"has-contrast-2-color has-text-color has-link-color\" style=\"font-size: 30px;\"><strong>PLAN ESTATAL DEL DESARROLLO 2023-2027<\/strong><\/p>\n<ul>\n<li><strong><a href=\"https:\/\/apabep.qroo.gob.mx\/wp-content\/uploads\/2024\/08\/PED_2023_2027_FINAL.pdf\" target=\"_blank\" rel=\"noopener\">PED_2023_2027_FINAL<\/a><\/strong><\/li>\n<\/ul>\n<p><!-- \/wp:paragraph --><\/p>\n<p><!-- wp:paragraph {\"style\":{\"elements\":{\"link\":{\"color\":{\"text\":\"var:preset|color|contrast-2\"}}},\"typography\":{\"fontSize\":\"30px\"}},\"textColor\":\"contrast-2\"} --><\/p>\n<p class=\"has-contrast-2-color has-text-color has-link-color\" style=\"font-size: 30px;\"><strong>PROGRAMA SECTORIAL SALUD PARA TODOS<\/strong><\/p>\n<ul>\n<li><a href=\"https:\/\/apabep.qroo.gob.mx\/wp-content\/uploads\/2024\/08\/Programa-Sectorial-de-Salud-para-Todos.pdf\" target=\"_blank\" rel=\"noopener\"><strong>Programa Sectorial de Salud para Todos<\/strong><\/a><\/li>\n<\/ul>\n<p><!-- \/wp:paragraph --><\/p>\n<p><!-- wp:paragraph --><\/p>\n<p><!-- \/wp:paragraph --><\/p>\t\t\t\t\t\t\t\t<\/div>\n\t\t\t\t<\/div>\n\t\t\t\t\t<\/div>\n\t\t\t\t<\/div>\n\t\t\t\t<\/div>\n\t\t","protected":false},"excerpt":{"rendered":"<p>PROGRAMA PRESUPUESTARIO 2025 Programa Presupuestario S008 REPORTES FESIPPRES 2025 1er Trimestre ML001 PP M001 NIVEL ACTIVIDAD PP M001 COMPONENTE INDICADORES \u00a0 S008 TRANSFORMAMOS TU VISION ESTATAL APOYO A LA DISCAPACIDAD OTORGADA C02 1 paginas 1-27 APOYO A LA DISCAPACIDAD OTORGADA C02 1 paginas 28-56 TRANSFORMAMOS TU CALIDAD DE VIDA ESTATAL UNIDOS PARA TRANSFORMAR SONRISAS CO1 &#8230; <a title=\"PROGRAMA PRESUPUESTARIO 2025\" class=\"read-more\" href=\"https:\/\/apabep.qroo.gob.mx\/index.php\/programa-presupuestario-2025\/\" aria-label=\"Leer m\u00e1s sobre PROGRAMA PRESUPUESTARIO 2025\">Leer m\u00e1s<\/a><\/p>\n","protected":false},"author":4,"featured_media":0,"parent":0,"menu_order":0,"comment_status":"closed","ping_status":"closed","template":"","meta":{"footnotes":""},"class_list":["post-36576","page","type-page","status-publish"],"yoast_head":"<!-- This site is optimized with the Yoast SEO plugin v25.3 - https:\/\/yoast.com\/wordpress\/plugins\/seo\/ -->\n<title>PROGRAMA PRESUPUESTARIO 2025 - Administraci\u00f3n del Patrimonio de la Beneficencia P\u00fablica<\/title>\n<meta name=\"robots\" content=\"noindex, follow, max-snippet:-1, max-image-preview:large, max-video-preview:-1\" \/>\n<meta property=\"og:locale\" content=\"es_MX\" \/>\n<meta property=\"og:type\" content=\"article\" \/>\n<meta property=\"og:title\" content=\"PROGRAMA PRESUPUESTARIO 2025 - Administraci\u00f3n del Patrimonio de la Beneficencia P\u00fablica\" \/>\n<meta property=\"og:description\" content=\"PROGRAMA PRESUPUESTARIO 2025 Programa Presupuestario S008 REPORTES FESIPPRES 2025 1er Trimestre ML001 PP M001 NIVEL ACTIVIDAD PP M001 COMPONENTE INDICADORES \u00a0 S008 TRANSFORMAMOS TU VISION ESTATAL APOYO A LA DISCAPACIDAD OTORGADA C02 1 paginas 1-27 APOYO A LA DISCAPACIDAD OTORGADA C02 1 paginas 28-56 TRANSFORMAMOS TU CALIDAD DE VIDA ESTATAL UNIDOS PARA TRANSFORMAR SONRISAS CO1 ... Leer m\u00e1s\" \/>\n<meta property=\"og:url\" content=\"https:\/\/apabep.qroo.gob.mx\/index.php\/programa-presupuestario-2025\/\" \/>\n<meta property=\"og:site_name\" content=\"Administraci\u00f3n del Patrimonio de la Beneficencia P\u00fablica\" \/>\n<meta property=\"article:modified_time\" content=\"2026-01-19T15:01:43+00:00\" \/>\n<meta name=\"twitter:card\" content=\"summary_large_image\" \/>\n<meta name=\"twitter:label1\" content=\"Tiempo de lectura\" \/>\n\t<meta name=\"twitter:data1\" content=\"2 minutos\" \/>\n<script type=\"application\/ld+json\" class=\"yoast-schema-graph\">{\"@context\":\"https:\/\/schema.org\",\"@graph\":[{\"@type\":\"WebPage\",\"@id\":\"https:\/\/apabep.qroo.gob.mx\/index.php\/programa-presupuestario-2025\/\",\"url\":\"https:\/\/apabep.qroo.gob.mx\/index.php\/programa-presupuestario-2025\/\",\"name\":\"PROGRAMA PRESUPUESTARIO 2025 - Administraci\u00f3n del Patrimonio de la Beneficencia P\u00fablica\",\"isPartOf\":{\"@id\":\"https:\/\/apabep.qroo.gob.mx\/#website\"},\"datePublished\":\"2025-03-19T16:46:51+00:00\",\"dateModified\":\"2026-01-19T15:01:43+00:00\",\"breadcrumb\":{\"@id\":\"https:\/\/apabep.qroo.gob.mx\/index.php\/programa-presupuestario-2025\/#breadcrumb\"},\"inLanguage\":\"es\",\"potentialAction\":[{\"@type\":\"ReadAction\",\"target\":[\"https:\/\/apabep.qroo.gob.mx\/index.php\/programa-presupuestario-2025\/\"]}]},{\"@type\":\"BreadcrumbList\",\"@id\":\"https:\/\/apabep.qroo.gob.mx\/index.php\/programa-presupuestario-2025\/#breadcrumb\",\"itemListElement\":[{\"@type\":\"ListItem\",\"position\":1,\"name\":\"Inicio\",\"item\":\"https:\/\/apabep.qroo.gob.mx\/\"},{\"@type\":\"ListItem\",\"position\":2,\"name\":\"PROGRAMA PRESUPUESTARIO 2025\"}]},{\"@type\":\"WebSite\",\"@id\":\"https:\/\/apabep.qroo.gob.mx\/#website\",\"url\":\"https:\/\/apabep.qroo.gob.mx\/\",\"name\":\"Administraci\u00f3n del Patrimonio de la Beneficencia P\u00fablica\",\"description\":\"La Beneficencia otorga beneficios en especie en temas de salud a trav\u00e9s de sus distintos programas asistenciales.\",\"publisher\":{\"@id\":\"https:\/\/apabep.qroo.gob.mx\/#organization\"},\"potentialAction\":[{\"@type\":\"SearchAction\",\"target\":{\"@type\":\"EntryPoint\",\"urlTemplate\":\"https:\/\/apabep.qroo.gob.mx\/?s={search_term_string}\"},\"query-input\":{\"@type\":\"PropertyValueSpecification\",\"valueRequired\":true,\"valueName\":\"search_term_string\"}}],\"inLanguage\":\"es\"},{\"@type\":\"Organization\",\"@id\":\"https:\/\/apabep.qroo.gob.mx\/#organization\",\"name\":\"Administraci\u00f3n del Patrimonio de la Beneficencia P\u00fablica\",\"url\":\"https:\/\/apabep.qroo.gob.mx\/\",\"logo\":{\"@type\":\"ImageObject\",\"inLanguage\":\"es\",\"@id\":\"https:\/\/apabep.qroo.gob.mx\/#\/schema\/logo\/image\/\",\"url\":\"https:\/\/apabep.qroo.gob.mx\/wp-content\/uploads\/2024\/06\/cropped-APABEP.png\",\"contentUrl\":\"https:\/\/apabep.qroo.gob.mx\/wp-content\/uploads\/2024\/06\/cropped-APABEP.png\",\"width\":1752,\"height\":793,\"caption\":\"Administraci\u00f3n del Patrimonio de la Beneficencia P\u00fablica\"},\"image\":{\"@id\":\"https:\/\/apabep.qroo.gob.mx\/#\/schema\/logo\/image\/\"}}]}<\/script>\n<!-- \/ Yoast SEO plugin. -->","yoast_head_json":{"title":"PROGRAMA PRESUPUESTARIO 2025 - Administraci\u00f3n del Patrimonio de la Beneficencia P\u00fablica","robots":{"index":"noindex","follow":"follow","max-snippet":"max-snippet:-1","max-image-preview":"max-image-preview:large","max-video-preview":"max-video-preview:-1"},"og_locale":"es_MX","og_type":"article","og_title":"PROGRAMA PRESUPUESTARIO 2025 - Administraci\u00f3n del Patrimonio de la Beneficencia P\u00fablica","og_description":"PROGRAMA PRESUPUESTARIO 2025 Programa Presupuestario S008 REPORTES FESIPPRES 2025 1er Trimestre ML001 PP M001 NIVEL ACTIVIDAD PP M001 COMPONENTE INDICADORES \u00a0 S008 TRANSFORMAMOS TU VISION ESTATAL APOYO A LA DISCAPACIDAD OTORGADA C02 1 paginas 1-27 APOYO A LA DISCAPACIDAD OTORGADA C02 1 paginas 28-56 TRANSFORMAMOS TU CALIDAD DE VIDA ESTATAL UNIDOS PARA TRANSFORMAR SONRISAS CO1 ... Leer m\u00e1s","og_url":"https:\/\/apabep.qroo.gob.mx\/index.php\/programa-presupuestario-2025\/","og_site_name":"Administraci\u00f3n del Patrimonio de la Beneficencia P\u00fablica","article_modified_time":"2026-01-19T15:01:43+00:00","twitter_card":"summary_large_image","twitter_misc":{"Tiempo de lectura":"2 minutos"},"schema":{"@context":"https:\/\/schema.org","@graph":[{"@type":"WebPage","@id":"https:\/\/apabep.qroo.gob.mx\/index.php\/programa-presupuestario-2025\/","url":"https:\/\/apabep.qroo.gob.mx\/index.php\/programa-presupuestario-2025\/","name":"PROGRAMA PRESUPUESTARIO 2025 - Administraci\u00f3n del Patrimonio de la Beneficencia P\u00fablica","isPartOf":{"@id":"https:\/\/apabep.qroo.gob.mx\/#website"},"datePublished":"2025-03-19T16:46:51+00:00","dateModified":"2026-01-19T15:01:43+00:00","breadcrumb":{"@id":"https:\/\/apabep.qroo.gob.mx\/index.php\/programa-presupuestario-2025\/#breadcrumb"},"inLanguage":"es","potentialAction":[{"@type":"ReadAction","target":["https:\/\/apabep.qroo.gob.mx\/index.php\/programa-presupuestario-2025\/"]}]},{"@type":"BreadcrumbList","@id":"https:\/\/apabep.qroo.gob.mx\/index.php\/programa-presupuestario-2025\/#breadcrumb","itemListElement":[{"@type":"ListItem","position":1,"name":"Inicio","item":"https:\/\/apabep.qroo.gob.mx\/"},{"@type":"ListItem","position":2,"name":"PROGRAMA PRESUPUESTARIO 2025"}]},{"@type":"WebSite","@id":"https:\/\/apabep.qroo.gob.mx\/#website","url":"https:\/\/apabep.qroo.gob.mx\/","name":"Administraci\u00f3n del Patrimonio de la Beneficencia P\u00fablica","description":"La Beneficencia otorga beneficios en especie en temas de salud a trav\u00e9s de sus distintos programas asistenciales.","publisher":{"@id":"https:\/\/apabep.qroo.gob.mx\/#organization"},"potentialAction":[{"@type":"SearchAction","target":{"@type":"EntryPoint","urlTemplate":"https:\/\/apabep.qroo.gob.mx\/?s={search_term_string}"},"query-input":{"@type":"PropertyValueSpecification","valueRequired":true,"valueName":"search_term_string"}}],"inLanguage":"es"},{"@type":"Organization","@id":"https:\/\/apabep.qroo.gob.mx\/#organization","name":"Administraci\u00f3n del Patrimonio de la Beneficencia P\u00fablica","url":"https:\/\/apabep.qroo.gob.mx\/","logo":{"@type":"ImageObject","inLanguage":"es","@id":"https:\/\/apabep.qroo.gob.mx\/#\/schema\/logo\/image\/","url":"https:\/\/apabep.qroo.gob.mx\/wp-content\/uploads\/2024\/06\/cropped-APABEP.png","contentUrl":"https:\/\/apabep.qroo.gob.mx\/wp-content\/uploads\/2024\/06\/cropped-APABEP.png","width":1752,"height":793,"caption":"Administraci\u00f3n del Patrimonio de la Beneficencia P\u00fablica"},"image":{"@id":"https:\/\/apabep.qroo.gob.mx\/#\/schema\/logo\/image\/"}}]}},"_links":{"self":[{"href":"https:\/\/apabep.qroo.gob.mx\/index.php\/wp-json\/wp\/v2\/pages\/36576","targetHints":{"allow":["GET"]}}],"collection":[{"href":"https:\/\/apabep.qroo.gob.mx\/index.php\/wp-json\/wp\/v2\/pages"}],"about":[{"href":"https:\/\/apabep.qroo.gob.mx\/index.php\/wp-json\/wp\/v2\/types\/page"}],"author":[{"embeddable":true,"href":"https:\/\/apabep.qroo.gob.mx\/index.php\/wp-json\/wp\/v2\/users\/4"}],"replies":[{"embeddable":true,"href":"https:\/\/apabep.qroo.gob.mx\/index.php\/wp-json\/wp\/v2\/comments?post=36576"}],"version-history":[{"count":61,"href":"https:\/\/apabep.qroo.gob.mx\/index.php\/wp-json\/wp\/v2\/pages\/36576\/revisions"}],"predecessor-version":[{"id":37138,"href":"https:\/\/apabep.qroo.gob.mx\/index.php\/wp-json\/wp\/v2\/pages\/36576\/revisions\/37138"}],"wp:attachment":[{"href":"https:\/\/apabep.qroo.gob.mx\/index.php\/wp-json\/wp\/v2\/media?parent=36576"}],"curies":[{"name":"wp","href":"https:\/\/api.w.org\/{rel}","templated":true}]}}